{"id":1250,"date":"2025-05-19T15:52:49","date_gmt":"2025-05-19T13:52:49","guid":{"rendered":"https:\/\/proactif.octopix.dev\/mentions-legales\/"},"modified":"2026-03-31T09:42:32","modified_gmt":"2026-03-31T07:42:32","slug":"mentions-legales","status":"publish","type":"page","link":"https:\/\/www.proactif.lu\/de\/mentions-legales\/","title":{"rendered":"Impressum"},"content":{"rendered":"\n<p><strong>ProActif SIS S.\u00e0 r.l.<\/strong><br\/>Handelsregisternummer : B 90598<br\/>Rechtsform : Gesellschaft mit beschr\u00e4nkter Haftung nach luxemburgischem Recht<br\/>Gr\u00fcndungsdatum : 2022<br\/>Hauptsitz : 5, rue L\u00e4iteschbaach, L-5324 Contern<br\/>Telefon : +352 27 33 44-1<br\/><\/p>\n\n<p>Die Website www.proactif.lu (im Folgenden als \u201edie Website\u201c bezeichnet) ist das ausschlie\u00dfliche Eigentum von ProActif SIS S.\u00e0 r.l. (im Folgenden als \u201eProActif\u201c bezeichnet), eingetragen im Handelsregister von Luxemburg unter der Nr. B 90598, deren eingetragener Hauptsitz befindet sich in 5, rue L\u00e4iteschbaach, L-5324 Contern.<\/p>\n\n<p>Die Website wird von ProActif bearbeitet und verwaltet.<\/p>\n\n<p>Diese allgemeinen Nutzungsbedingungen unterliegen luxemburgischem Recht und sollen die Nutzung der Website regeln.<\/p>\n\n<p>Durch den Zugriff auf die Website erkl\u00e4rt sich der Benutzer mit diesen allgemeinen Nutzungsbedingungen einverstanden. Wenn der Benutzer diesen allgemeinen Nutzungsbedingungen nicht zustimmen m\u00f6chte, wird er gebeten, seinen Besuch oder seine Nutzung der Website nicht fortzusetzen. <\/p>\n\n<h2 class=\"wp-block-heading\">1. Verantwortung des Benutzers<\/h2>\n\n<p>Der Benutzer nutzt die Website und ihre Dienste auf eigenes Risiko und unter seiner vollen Verantwortung. ProActif kann in keiner Weise garantieren, dass die Website und ihre Dienste nicht unterbrochen werden. Die Verpflichtung zur Bereitstellung der Website und ihrer Dienste ist auf eine Mittelverpflichtung beschr\u00e4nkt.  <\/p>\n\n<p>Da der Benutzer \u00fcber Internet-Kommunikationsnetzwerke auf die Website zugreift, ist es Sache des Benutzers, die Risiken zu kennen und sie zu akzeptieren. Es liegt in seiner Verantwortung, sich durch eine angemessene und sichere Computerkonfiguration, insbesondere durch regelm\u00e4\u00dfig aktualisierte Virenerkennungs- und Schutzsoftware, gegen die Auswirkungen von Computerpiraterie zu sch\u00fctzen. ProActif kann nicht f\u00fcr Sch\u00e4den haftbar gemacht werden, die dem Benutzer direkt oder indirekt im Zusammenhang mit seiner Navigation auf der Website entstehen.  <\/p>\n\n<p>Alle auf der Website verbreiteten Informationen und Daten werden zu Informationszwecken zur Verf\u00fcgung gestellt. Die Bereitstellung dieser Daten ist in keiner Weise mit einer konkreten Beratung oder Entscheidungshilfe gleichzusetzen und begr\u00fcndet keinerlei Gew\u00e4hrleistung seitens ProActif. <\/p>\n\n<p>Die reproduzierten Fotografien, Illustrationen und Texte, die die vorgestellten Produkte veranschaulichen, sind nicht vertraglich bindend. Folglich kann ProActif im Falle eines Fehlers in einem dieser Fotos oder einem dieser Texte nicht haftbar gemacht werden. <\/p>\n\n<h2 class=\"wp-block-heading\">2. Zug\u00e4nglichkeit der Website<\/h2>\n\n<p>Die Website ist im Prinzip 24\/24St, 7\/7T zug\u00e4nglich, mit Ausnahme von Unterbrechungen, geplant oder nicht, f\u00fcr die Notwendigkeit ihrer Wartung oder im Falle h\u00f6herer Gewalt. Da ProActif tats\u00e4chlich einer Mittelpflicht unterliegt, kann ProActif nicht f\u00fcr Sch\u00e4den jeglicher Art haftbar gemacht werden, die sich aus der Nichtverf\u00fcgbarkeit der Website oder eines oder mehrerer Dienste oder aus dem Vorhandensein von Viren auf der Website ergeben. <\/p>\n\n<h2 class=\"wp-block-heading\">3. Links<\/h2>\n\n<p>Die Website kann Informationen enthalten, die von externen Unternehmen zur Verf\u00fcgung gestellt werden, oder Hypertext-Links zu anderen Websites, die nicht von ProActif entwickelt wurden. Die Existenz dieser Links zu anderen Websites stellt in keiner Weise eine Billigung dieser Websites oder ihrer Inhalte durch ProActif dar. <\/p>\n\n<p>Daher kann die Verantwortung von ProActif aufgrund der von Dritten formulierten Informationen, Meinungen und Empfehlungen nicht \u00fcbernommen werden.<\/p>\n\n<p>ProActif hat keine M\u00f6glichkeit, diese Sites (und\/oder die von ihnen angebotenen Produkte und Dienstleistungen) und diese Quellen zu kontrollieren, und ist nicht verantwortlich f\u00fcr die Verf\u00fcgbarkeit solcher externen Sites und Quellen und garantiert diese auch nicht.<\/p>\n\n<p>Die Links erfolgen teilweise automatisch und k\u00f6nnen nicht alle von ProActif \u00fcberpr\u00fcft werden.<\/p>\n\n<h2 class=\"wp-block-heading\">4. Geistiges Eigentum<\/h2>\n\n<p>Alle Elemente der Website (einschlie\u00dflich des Layouts) sowie die Dienste der Website sind durch die Gesetze zum geistigen Eigentum gesch\u00fctzt, insbesondere durch das ge\u00e4nderte Gesetz vom 18. April 2001 \u00fcber Urheberrechte, verwandte Schutzrechte und Datengrundlagen und die Benelux-\u00dcbereinkommen \u00fcber geistiges Eigentum. Sofern nicht anders angegeben, liegt das Urheberrecht an den Inhalten der Website bei ProActif. <\/p>\n\n<p>Alle geistigen Eigentumsrechte, darunter insbesondere Urheber- und Markenrechte an allen Texten, Illustrationen, Sounds, Software und anderen Materialien auf dieser Website, sind Eigentum von ProActif oder werden mit Genehmigung des betreffenden Eigent\u00fcmers reproduziert.<\/p>\n\n<p>Die Vervielf\u00e4ltigung von Informationen, Texten, Bildern, Videos und Dokumenten aller Art, die auf der Website enthalten sind, ist ohne vorherige schriftliche Genehmigung von ProActif nicht gestattet. Jede zuvor genehmigte Nutzung muss ohne Verzerrung, Modifikation oder \u00c4nderung in irgendeiner Weise erfolgen. <\/p>\n\n<p>Dem Benutzer ist es ausdr\u00fccklich untersagt, die auf der Website vorhandenen Marken, Logos Informationen, Texte, Fotos, Bilder, Videos und Daten zu reproduzieren und\/oder zu verwenden sowie ganz oder teilweise in einem digitalen oder anderen Format zu \u00e4ndern, zu kopieren, zu \u00fcbersetzen, zu reproduzieren, zu verkaufen, zu ver\u00f6ffentlichen, zu verwerten und zu verbreiten.<\/p>\n\n<p>ProActif r\u00e4umt dem Nutzer der Seite ein Recht zur privaten, nicht kollektiven und nicht ausschlie\u00dflichen Nutzung ihrer Inhalte ein. Dieses Recht beschr\u00e4nkt sich ausschlie\u00dflich auf das Recht, einen oder mehrere Artikel auszudrucken und\/oder auf seinem Computer (oder einem anderen digitalen Medium wie Handy und Tablet) ausschlie\u00dflich f\u00fcr den pers\u00f6nlichen Gebrauch zu speichern. Jegliche Vernetzung, Weiterverbreitung, Verwertung im beruflichen oder kommerziellen Kontext oder Vermarktung der Inhalte an Dritte, in welcher Form auch immer, ist ohne vorherige schriftliche Zustimmung von ProActif strengstens untersagt.  <\/p>\n\n<p>Die dem Nutzer oben implizit oder explizit erteilten Berechtigungen stellen Nutzungsberechtigungen und keinesfalls \u00dcbertragungen von Rechten oder Eigentum dar. ProActif beh\u00e4lt sich das Recht vor, jeden zu verklagen, der gegen seine geistigen Eigentumsrechte verst\u00f6\u00dft. <\/p>\n\n<h2 class=\"wp-block-heading\">5. \u00c4nderung der Allgemeinen Nutzungsbedingungen<\/h2>\n\n<p>Diese allgemeinen Nutzungsbedingungen k\u00f6nnen jederzeit ge\u00e4ndert oder erg\u00e4nzt werden, abh\u00e4ngig von \u00c4nderungen an der Website www.proacitf.lu, \u00c4nderungen der Gesetzgebung oder aus anderen als notwendig erachteten Gr\u00fcnden.<\/p>\n\n<p>Es obliegt dem Benutzer, sich \u00fcber die allgemeinen Nutzungsbedingungen der Website zu informieren, von denen nur die aktualisierte, online zug\u00e4ngliche Version als g\u00fcltig gilt.<\/p>\n\n<h2 class=\"wp-block-heading\">6. Anwendbares Recht und zust\u00e4ndige Gerichte<\/h2>\n\n<p>Alle Rechtsstreitigkeiten unterliegen luxemburgischem Recht und unterliegen der ausschlie\u00dflichen Zust\u00e4ndigkeit der luxemburgischen Gerichte.<br\/><\/p>\n\n<p>Hergestellt in Contern, Juli 2025<\/p>\n\n<p><\/p>\n","protected":false},"excerpt":{"rendered":"<p>ProActif SIS S.\u00e0 r.l.Handelsregisternummer : B 90598Rechtsform : Gesellschaft mit beschr\u00e4nkter Haftung nach luxemburgischem RechtGr\u00fcndungsdatum : 2022Hauptsitz : 5, rue L\u00e4iteschbaach, L-5324 ConternTelefon : +352 27 33 44-1 Die Website www.proactif.lu (im Folgenden als \u201edie Website\u201c bezeichnet) ist das ausschlie\u00dfliche Eigentum von ProActif SIS S.\u00e0 r.l. (im Folgenden als \u201eProActif\u201c bezeichnet), eingetragen im Handelsregister von [&hellip;]<\/p>\n","protected":false},"author":2,"featured_media":0,"parent":0,"menu_order":0,"comment_status":"closed","ping_status":"closed","template":"","meta":{"_acf_changed":false,"inline_featured_image":false,"footnotes":""},"class_list":["post-1250","page","type-page","status-publish","hentry"],"acf":[],"yoast_head":"<!-- This site is optimized with the Yoast SEO plugin v27.3 - https:\/\/yoast.com\/product\/yoast-seo-wordpress\/ -->\n<title>Impressum - ProActif<\/title>\n<meta name=\"robots\" content=\"index, follow, max-snippet:-1, max-image-preview:large, max-video-preview:-1\" \/>\n<link rel=\"canonical\" href=\"https:\/\/www.proactif.lu\/de\/mentions-legales\/\" \/>\n<meta property=\"og:locale\" content=\"de_DE\" \/>\n<meta property=\"og:type\" content=\"article\" \/>\n<meta property=\"og:title\" content=\"Impressum - ProActif\" \/>\n<meta property=\"og:description\" content=\"ProActif SIS S.\u00e0 r.l.Handelsregisternummer : B 90598Rechtsform : Gesellschaft mit beschr\u00e4nkter Haftung nach luxemburgischem RechtGr\u00fcndungsdatum : 2022Hauptsitz : 5, rue L\u00e4iteschbaach, L-5324 ConternTelefon : +352 27 33 44-1 Die Website www.proactif.lu (im Folgenden als \u201edie Website\u201c bezeichnet) ist das ausschlie\u00dfliche Eigentum von ProActif SIS S.\u00e0 r.l. (im Folgenden als \u201eProActif\u201c bezeichnet), eingetragen im Handelsregister von [&hellip;]\" \/>\n<meta property=\"og:url\" content=\"https:\/\/www.proactif.lu\/de\/mentions-legales\/\" \/>\n<meta property=\"og:site_name\" content=\"ProActif\" \/>\n<meta property=\"article:modified_time\" content=\"2026-03-31T07:42:32+00:00\" \/>\n<meta name=\"twitter:card\" content=\"summary_large_image\" \/>\n<meta name=\"twitter:label1\" content=\"Gesch\u00e4tzte Lesezeit\" \/>\n\t<meta name=\"twitter:data1\" content=\"6\u00a0Minuten\" \/>\n<script type=\"application\/ld+json\" class=\"yoast-schema-graph\">{\"@context\":\"https:\\\/\\\/schema.org\",\"@graph\":[{\"@type\":\"WebPage\",\"@id\":\"https:\\\/\\\/www.proactif.lu\\\/de\\\/mentions-legales\\\/\",\"url\":\"https:\\\/\\\/www.proactif.lu\\\/de\\\/mentions-legales\\\/\",\"name\":\"Impressum - ProActif\",\"isPartOf\":{\"@id\":\"https:\\\/\\\/www.proactif.lu\\\/de\\\/#website\"},\"datePublished\":\"2025-05-19T13:52:49+00:00\",\"dateModified\":\"2026-03-31T07:42:32+00:00\",\"breadcrumb\":{\"@id\":\"https:\\\/\\\/www.proactif.lu\\\/de\\\/mentions-legales\\\/#breadcrumb\"},\"inLanguage\":\"de\",\"potentialAction\":[{\"@type\":\"ReadAction\",\"target\":[\"https:\\\/\\\/www.proactif.lu\\\/de\\\/mentions-legales\\\/\"]}]},{\"@type\":\"BreadcrumbList\",\"@id\":\"https:\\\/\\\/www.proactif.lu\\\/de\\\/mentions-legales\\\/#breadcrumb\",\"itemListElement\":[{\"@type\":\"ListItem\",\"position\":1,\"name\":\"Accueil\",\"item\":\"https:\\\/\\\/www.proactif.lu\\\/de\\\/\"},{\"@type\":\"ListItem\",\"position\":2,\"name\":\"Impressum\"}]},{\"@type\":\"WebSite\",\"@id\":\"https:\\\/\\\/www.proactif.lu\\\/de\\\/#website\",\"url\":\"https:\\\/\\\/www.proactif.lu\\\/de\\\/\",\"name\":\"ProActif\",\"description\":\"R\u00e9insertion professionnelle et services de qualit\u00e9 au Luxembourg\",\"publisher\":{\"@id\":\"https:\\\/\\\/www.proactif.lu\\\/de\\\/#organization\"},\"potentialAction\":[{\"@type\":\"SearchAction\",\"target\":{\"@type\":\"EntryPoint\",\"urlTemplate\":\"https:\\\/\\\/www.proactif.lu\\\/de\\\/?s={search_term_string}\"},\"query-input\":{\"@type\":\"PropertyValueSpecification\",\"valueRequired\":true,\"valueName\":\"search_term_string\"}}],\"inLanguage\":\"de\"},{\"@type\":\"Organization\",\"@id\":\"https:\\\/\\\/www.proactif.lu\\\/de\\\/#organization\",\"name\":\"ProActif\",\"url\":\"https:\\\/\\\/www.proactif.lu\\\/de\\\/\",\"logo\":{\"@type\":\"ImageObject\",\"inLanguage\":\"de\",\"@id\":\"https:\\\/\\\/www.proactif.lu\\\/de\\\/#\\\/schema\\\/logo\\\/image\\\/\",\"url\":\"https:\\\/\\\/www.proactif.lu\\\/wp-content\\\/uploads\\\/2025\\\/02\\\/proactif-icon.svg\",\"contentUrl\":\"https:\\\/\\\/www.proactif.lu\\\/wp-content\\\/uploads\\\/2025\\\/02\\\/proactif-icon.svg\",\"caption\":\"ProActif\"},\"image\":{\"@id\":\"https:\\\/\\\/www.proactif.lu\\\/de\\\/#\\\/schema\\\/logo\\\/image\\\/\"}}]}<\/script>\n<!-- \/ Yoast SEO plugin. -->","yoast_head_json":{"title":"Impressum - ProActif","robots":{"index":"index","follow":"follow","max-snippet":"max-snippet:-1","max-image-preview":"max-image-preview:large","max-video-preview":"max-video-preview:-1"},"canonical":"https:\/\/www.proactif.lu\/de\/mentions-legales\/","og_locale":"de_DE","og_type":"article","og_title":"Impressum - ProActif","og_description":"ProActif SIS S.\u00e0 r.l.Handelsregisternummer : B 90598Rechtsform : Gesellschaft mit beschr\u00e4nkter Haftung nach luxemburgischem RechtGr\u00fcndungsdatum : 2022Hauptsitz : 5, rue L\u00e4iteschbaach, L-5324 ConternTelefon : +352 27 33 44-1 Die Website www.proactif.lu (im Folgenden als \u201edie Website\u201c bezeichnet) ist das ausschlie\u00dfliche Eigentum von ProActif SIS S.\u00e0 r.l. (im Folgenden als \u201eProActif\u201c bezeichnet), eingetragen im Handelsregister von [&hellip;]","og_url":"https:\/\/www.proactif.lu\/de\/mentions-legales\/","og_site_name":"ProActif","article_modified_time":"2026-03-31T07:42:32+00:00","twitter_card":"summary_large_image","twitter_misc":{"Gesch\u00e4tzte Lesezeit":"6\u00a0Minuten"},"schema":{"@context":"https:\/\/schema.org","@graph":[{"@type":"WebPage","@id":"https:\/\/www.proactif.lu\/de\/mentions-legales\/","url":"https:\/\/www.proactif.lu\/de\/mentions-legales\/","name":"Impressum - ProActif","isPartOf":{"@id":"https:\/\/www.proactif.lu\/de\/#website"},"datePublished":"2025-05-19T13:52:49+00:00","dateModified":"2026-03-31T07:42:32+00:00","breadcrumb":{"@id":"https:\/\/www.proactif.lu\/de\/mentions-legales\/#breadcrumb"},"inLanguage":"de","potentialAction":[{"@type":"ReadAction","target":["https:\/\/www.proactif.lu\/de\/mentions-legales\/"]}]},{"@type":"BreadcrumbList","@id":"https:\/\/www.proactif.lu\/de\/mentions-legales\/#breadcrumb","itemListElement":[{"@type":"ListItem","position":1,"name":"Accueil","item":"https:\/\/www.proactif.lu\/de\/"},{"@type":"ListItem","position":2,"name":"Impressum"}]},{"@type":"WebSite","@id":"https:\/\/www.proactif.lu\/de\/#website","url":"https:\/\/www.proactif.lu\/de\/","name":"ProActif","description":"R\u00e9insertion professionnelle et services de qualit\u00e9 au Luxembourg","publisher":{"@id":"https:\/\/www.proactif.lu\/de\/#organization"},"potentialAction":[{"@type":"SearchAction","target":{"@type":"EntryPoint","urlTemplate":"https:\/\/www.proactif.lu\/de\/?s={search_term_string}"},"query-input":{"@type":"PropertyValueSpecification","valueRequired":true,"valueName":"search_term_string"}}],"inLanguage":"de"},{"@type":"Organization","@id":"https:\/\/www.proactif.lu\/de\/#organization","name":"ProActif","url":"https:\/\/www.proactif.lu\/de\/","logo":{"@type":"ImageObject","inLanguage":"de","@id":"https:\/\/www.proactif.lu\/de\/#\/schema\/logo\/image\/","url":"https:\/\/www.proactif.lu\/wp-content\/uploads\/2025\/02\/proactif-icon.svg","contentUrl":"https:\/\/www.proactif.lu\/wp-content\/uploads\/2025\/02\/proactif-icon.svg","caption":"ProActif"},"image":{"@id":"https:\/\/www.proactif.lu\/de\/#\/schema\/logo\/image\/"}}]}},"_links":{"self":[{"href":"https:\/\/www.proactif.lu\/de\/wp-json\/wp\/v2\/pages\/1250","targetHints":{"allow":["GET"]}}],"collection":[{"href":"https:\/\/www.proactif.lu\/de\/wp-json\/wp\/v2\/pages"}],"about":[{"href":"https:\/\/www.proactif.lu\/de\/wp-json\/wp\/v2\/types\/page"}],"author":[{"embeddable":true,"href":"https:\/\/www.proactif.lu\/de\/wp-json\/wp\/v2\/users\/2"}],"replies":[{"embeddable":true,"href":"https:\/\/www.proactif.lu\/de\/wp-json\/wp\/v2\/comments?post=1250"}],"version-history":[{"count":6,"href":"https:\/\/www.proactif.lu\/de\/wp-json\/wp\/v2\/pages\/1250\/revisions"}],"predecessor-version":[{"id":1739,"href":"https:\/\/www.proactif.lu\/de\/wp-json\/wp\/v2\/pages\/1250\/revisions\/1739"}],"wp:attachment":[{"href":"https:\/\/www.proactif.lu\/de\/wp-json\/wp\/v2\/media?parent=1250"}],"curies":[{"name":"wp","href":"https:\/\/api.w.org\/{rel}","templated":true}]}}