{"id":1179,"date":"2025-05-19T11:43:18","date_gmt":"2025-05-19T09:43:18","guid":{"rendered":"https:\/\/proactif.octopix.dev\/?post_type=product&#038;p=1179"},"modified":"2025-05-21T10:36:32","modified_gmt":"2025-05-21T08:36:32","slug":"potager-sureleve-avec-pieds","status":"publish","type":"product","link":"https:\/\/www.proactif.lu\/de\/?post_type=product&p=1179","title":{"rendered":"Hochbeet mit F\u00fc\u03b2en"},"content":{"rendered":"\n<p><strong>Breite: 80 cm \u0387 L\u00e4nge: 160 cm \u0387 H\u00f6he: 100 cm<\/strong><\/p>\n\n<p><em>Individuelle Wunschma\u03b2e auf Anfrage m\u00f6glich<\/em><\/p>\n\n<p><strong>Material:<\/strong><\/p>\n\n<ul class=\"wp-block-list\">\n<li>Massives Douglasien Holz mit leichtem \u00d6l-Finish oder Farblasur<\/li>\n\n\n\n<li>Massive Bauweise<\/li>\n<\/ul>\n\n<p><strong>Dieses h\u00f6lzerne Gartenhochbeet ist die perfekte Wahl f\u00fcr den G\u00e4rtner.<\/strong><\/p>\n\n<p>Das erh\u00f6hte Pflanzgef\u00e4\u03b2 besteht aus massivem Douglasien Holz, es kann mit einem leichten \u00d6l-Finish versehen werden, um seine satte nat\u00fcrliche Far\u00adbe hervorzuheben und das Pflangef\u00e4\u03b2 witterungsbest\u00e4ndig zu machen. Es kann aber auch farblich gestaltet werden. Das Pflangef\u00e4\u03b2 hat ein dezentes Design und verleiht Ihrem Wohnraum im Freien einen Hauch von nat\u00fcrlichem Charme.<\/p>\n\n<p>Das Pflanzgef\u00e4\u03b2 bietet ausreichend Platz f\u00fcr Ihre Blumen und Pflanzen. Wenn alles bl\u00fcht, wird dieses h\u00f6lzerne Pflanzgef\u00e4\u03b2 eine eindrucksvolle Erg\u00e4nzung f\u00fcr Ihren Garten sein.<\/p>\n\n<p><strong>Herstellung in unserer eigenen Schreinerei.<\/strong><\/p>\n","protected":false},"template":"","meta":{"_acf_changed":true,"inline_featured_image":false},"product-category":[28,45],"class_list":["post-1179","product","type-product","status-publish","hentry","product-category-holz-fur-den-garten-und-die-terrasse","product-category-garten-de"],"acf":[],"yoast_head":"<!-- This site is optimized with the Yoast SEO plugin v27.3 - https:\/\/yoast.com\/product\/yoast-seo-wordpress\/ -->\n<title>Hochbeet mit F\u00fc\u03b2en - ProActif<\/title>\n<meta name=\"robots\" content=\"index, follow, max-snippet:-1, max-image-preview:large, max-video-preview:-1\" \/>\n<link rel=\"canonical\" href=\"https:\/\/www.proactif.lu\/de\/?post_type=product&p=1179\" \/>\n<meta property=\"og:locale\" content=\"de_DE\" \/>\n<meta property=\"og:type\" content=\"article\" \/>\n<meta property=\"og:title\" content=\"Hochbeet mit F\u00fc\u03b2en - ProActif\" \/>\n<meta property=\"og:description\" content=\"Breite: 80 cm \u0387 L\u00e4nge: 160 cm \u0387 H\u00f6he: 100 cm Individuelle Wunschma\u03b2e auf Anfrage m\u00f6glich Material: Dieses h\u00f6lzerne Gartenhochbeet ist die perfekte Wahl f\u00fcr den G\u00e4rtner. Das erh\u00f6hte Pflanzgef\u00e4\u03b2 besteht aus massivem Douglasien Holz, es kann mit einem leichten \u00d6l-Finish versehen werden, um seine satte nat\u00fcrliche Far\u00adbe hervorzuheben und das Pflangef\u00e4\u03b2 witterungsbest\u00e4ndig zu machen. [&hellip;]\" \/>\n<meta property=\"og:url\" content=\"https:\/\/www.proactif.lu\/de\/?post_type=product&amp;p=1179\" \/>\n<meta property=\"og:site_name\" content=\"ProActif\" \/>\n<meta property=\"article:modified_time\" content=\"2025-05-21T08:36:32+00:00\" \/>\n<meta name=\"twitter:card\" content=\"summary_large_image\" \/>\n<meta name=\"twitter:label1\" content=\"Gesch\u00e4tzte Lesezeit\" \/>\n\t<meta name=\"twitter:data1\" content=\"1\u00a0Minute\" \/>\n<script type=\"application\/ld+json\" class=\"yoast-schema-graph\">{\"@context\":\"https:\\\/\\\/schema.org\",\"@graph\":[{\"@type\":\"WebPage\",\"@id\":\"https:\\\/\\\/www.proactif.lu\\\/de\\\/?post_type=product&p=1179\",\"url\":\"https:\\\/\\\/www.proactif.lu\\\/de\\\/?post_type=product&p=1179\",\"name\":\"Hochbeet mit F\u00fc\u03b2en - ProActif\",\"isPartOf\":{\"@id\":\"https:\\\/\\\/www.proactif.lu\\\/de\\\/#website\"},\"datePublished\":\"2025-05-19T09:43:18+00:00\",\"dateModified\":\"2025-05-21T08:36:32+00:00\",\"breadcrumb\":{\"@id\":\"https:\\\/\\\/www.proactif.lu\\\/de\\\/?post_type=product&p=1179#breadcrumb\"},\"inLanguage\":\"de\",\"potentialAction\":[{\"@type\":\"ReadAction\",\"target\":[\"https:\\\/\\\/www.proactif.lu\\\/de\\\/?post_type=product&p=1179\"]}]},{\"@type\":\"BreadcrumbList\",\"@id\":\"https:\\\/\\\/www.proactif.lu\\\/de\\\/?post_type=product&p=1179#breadcrumb\",\"itemListElement\":[{\"@type\":\"ListItem\",\"position\":1,\"name\":\"Accueil\",\"item\":\"https:\\\/\\\/www.proactif.lu\\\/de\\\/\"},{\"@type\":\"ListItem\",\"position\":2,\"name\":\"Hochbeet mit F\u00fc\u03b2en\"}]},{\"@type\":\"WebSite\",\"@id\":\"https:\\\/\\\/www.proactif.lu\\\/de\\\/#website\",\"url\":\"https:\\\/\\\/www.proactif.lu\\\/de\\\/\",\"name\":\"ProActif\",\"description\":\"R\u00e9insertion professionnelle et services de qualit\u00e9 au Luxembourg\",\"publisher\":{\"@id\":\"https:\\\/\\\/www.proactif.lu\\\/de\\\/#organization\"},\"potentialAction\":[{\"@type\":\"SearchAction\",\"target\":{\"@type\":\"EntryPoint\",\"urlTemplate\":\"https:\\\/\\\/www.proactif.lu\\\/de\\\/?s={search_term_string}\"},\"query-input\":{\"@type\":\"PropertyValueSpecification\",\"valueRequired\":true,\"valueName\":\"search_term_string\"}}],\"inLanguage\":\"de\"},{\"@type\":\"Organization\",\"@id\":\"https:\\\/\\\/www.proactif.lu\\\/de\\\/#organization\",\"name\":\"ProActif\",\"url\":\"https:\\\/\\\/www.proactif.lu\\\/de\\\/\",\"logo\":{\"@type\":\"ImageObject\",\"inLanguage\":\"de\",\"@id\":\"https:\\\/\\\/www.proactif.lu\\\/de\\\/#\\\/schema\\\/logo\\\/image\\\/\",\"url\":\"https:\\\/\\\/www.proactif.lu\\\/wp-content\\\/uploads\\\/2025\\\/02\\\/proactif-icon.svg\",\"contentUrl\":\"https:\\\/\\\/www.proactif.lu\\\/wp-content\\\/uploads\\\/2025\\\/02\\\/proactif-icon.svg\",\"caption\":\"ProActif\"},\"image\":{\"@id\":\"https:\\\/\\\/www.proactif.lu\\\/de\\\/#\\\/schema\\\/logo\\\/image\\\/\"}}]}<\/script>\n<!-- \/ Yoast SEO plugin. -->","yoast_head_json":{"title":"Hochbeet mit F\u00fc\u03b2en - ProActif","robots":{"index":"index","follow":"follow","max-snippet":"max-snippet:-1","max-image-preview":"max-image-preview:large","max-video-preview":"max-video-preview:-1"},"canonical":"https:\/\/www.proactif.lu\/de\/?post_type=product&p=1179","og_locale":"de_DE","og_type":"article","og_title":"Hochbeet mit F\u00fc\u03b2en - ProActif","og_description":"Breite: 80 cm \u0387 L\u00e4nge: 160 cm \u0387 H\u00f6he: 100 cm Individuelle Wunschma\u03b2e auf Anfrage m\u00f6glich Material: Dieses h\u00f6lzerne Gartenhochbeet ist die perfekte Wahl f\u00fcr den G\u00e4rtner. Das erh\u00f6hte Pflanzgef\u00e4\u03b2 besteht aus massivem Douglasien Holz, es kann mit einem leichten \u00d6l-Finish versehen werden, um seine satte nat\u00fcrliche Far\u00adbe hervorzuheben und das Pflangef\u00e4\u03b2 witterungsbest\u00e4ndig zu machen. [&hellip;]","og_url":"https:\/\/www.proactif.lu\/de\/?post_type=product&p=1179","og_site_name":"ProActif","article_modified_time":"2025-05-21T08:36:32+00:00","twitter_card":"summary_large_image","twitter_misc":{"Gesch\u00e4tzte Lesezeit":"1\u00a0Minute"},"schema":{"@context":"https:\/\/schema.org","@graph":[{"@type":"WebPage","@id":"https:\/\/www.proactif.lu\/de\/?post_type=product&p=1179","url":"https:\/\/www.proactif.lu\/de\/?post_type=product&p=1179","name":"Hochbeet mit F\u00fc\u03b2en - ProActif","isPartOf":{"@id":"https:\/\/www.proactif.lu\/de\/#website"},"datePublished":"2025-05-19T09:43:18+00:00","dateModified":"2025-05-21T08:36:32+00:00","breadcrumb":{"@id":"https:\/\/www.proactif.lu\/de\/?post_type=product&p=1179#breadcrumb"},"inLanguage":"de","potentialAction":[{"@type":"ReadAction","target":["https:\/\/www.proactif.lu\/de\/?post_type=product&p=1179"]}]},{"@type":"BreadcrumbList","@id":"https:\/\/www.proactif.lu\/de\/?post_type=product&p=1179#breadcrumb","itemListElement":[{"@type":"ListItem","position":1,"name":"Accueil","item":"https:\/\/www.proactif.lu\/de\/"},{"@type":"ListItem","position":2,"name":"Hochbeet mit F\u00fc\u03b2en"}]},{"@type":"WebSite","@id":"https:\/\/www.proactif.lu\/de\/#website","url":"https:\/\/www.proactif.lu\/de\/","name":"ProActif","description":"R\u00e9insertion professionnelle et services de qualit\u00e9 au Luxembourg","publisher":{"@id":"https:\/\/www.proactif.lu\/de\/#organization"},"potentialAction":[{"@type":"SearchAction","target":{"@type":"EntryPoint","urlTemplate":"https:\/\/www.proactif.lu\/de\/?s={search_term_string}"},"query-input":{"@type":"PropertyValueSpecification","valueRequired":true,"valueName":"search_term_string"}}],"inLanguage":"de"},{"@type":"Organization","@id":"https:\/\/www.proactif.lu\/de\/#organization","name":"ProActif","url":"https:\/\/www.proactif.lu\/de\/","logo":{"@type":"ImageObject","inLanguage":"de","@id":"https:\/\/www.proactif.lu\/de\/#\/schema\/logo\/image\/","url":"https:\/\/www.proactif.lu\/wp-content\/uploads\/2025\/02\/proactif-icon.svg","contentUrl":"https:\/\/www.proactif.lu\/wp-content\/uploads\/2025\/02\/proactif-icon.svg","caption":"ProActif"},"image":{"@id":"https:\/\/www.proactif.lu\/de\/#\/schema\/logo\/image\/"}}]}},"_links":{"self":[{"href":"https:\/\/www.proactif.lu\/de\/wp-json\/wp\/v2\/product\/1179","targetHints":{"allow":["GET"]}}],"collection":[{"href":"https:\/\/www.proactif.lu\/de\/wp-json\/wp\/v2\/product"}],"about":[{"href":"https:\/\/www.proactif.lu\/de\/wp-json\/wp\/v2\/types\/product"}],"wp:attachment":[{"href":"https:\/\/www.proactif.lu\/de\/wp-json\/wp\/v2\/media?parent=1179"}],"wp:term":[{"taxonomy":"product-category","embeddable":true,"href":"https:\/\/www.proactif.lu\/de\/wp-json\/wp\/v2\/product-category?post=1179"}],"curies":[{"name":"wp","href":"https:\/\/api.w.org\/{rel}","templated":true}]}}