{"id":1201,"date":"2025-05-19T12:51:00","date_gmt":"2025-05-19T10:51:00","guid":{"rendered":"https:\/\/proactif.octopix.dev\/?post_type=product&#038;p=1201"},"modified":"2025-05-26T14:32:42","modified_gmt":"2025-05-26T12:32:42","slug":"schneidebrett","status":"publish","type":"product","link":"https:\/\/www.proactif.lu\/lu\/?post_type=product&p=1201","title":{"rendered":"Schneidebrett"},"content":{"rendered":"\n<p><strong>L\u00e4nge 50 cm \u0387 Breite 30 cm \u0387 H\u00f6he 4 cm<\/strong><\/p>\n\n<p>Egal ob Sie das Fleisch f\u00fcr den Grill auf der Terrasse oder in der K\u00fcche zubereiten wollen, mit diesem Schneidebrett richten sich alle Blicke auf dieses Produkt. \u00c4sthetik und gute Qualit\u00e4t sind uns wichtig um Unikate f\u00fcr Sie handgefertigt zu kreieren. <\/p>\n","protected":false},"template":"","meta":{"_acf_changed":false,"inline_featured_image":false},"product-category":[26,36],"class_list":["post-1201","product","type-product","status-publish","hentry","product-category-holz-fir-de-gaart-a-fir-dterrass","product-category-terrasse-lu"],"acf":[],"yoast_head":"<!-- This site is optimized with the Yoast SEO plugin v27.3 - https:\/\/yoast.com\/product\/yoast-seo-wordpress\/ -->\n<title>Schneidebrett - ProActif<\/title>\n<meta name=\"robots\" content=\"index, follow, max-snippet:-1, max-image-preview:large, max-video-preview:-1\" \/>\n<link rel=\"canonical\" href=\"https:\/\/www.proactif.lu\/lu\/?post_type=product&p=1201\" \/>\n<meta property=\"og:locale\" content=\"en_US\" \/>\n<meta property=\"og:type\" content=\"article\" \/>\n<meta property=\"og:title\" content=\"Schneidebrett - ProActif\" \/>\n<meta property=\"og:description\" content=\"L\u00e4nge 50 cm \u0387 Breite 30 cm \u0387 H\u00f6he 4 cm Egal ob Sie das Fleisch f\u00fcr den Grill auf der Terrasse oder in der K\u00fcche zubereiten wollen, mit diesem Schneidebrett richten sich alle Blicke auf dieses Produkt. \u00c4sthetik und gute Qualit\u00e4t sind uns wichtig um Unikate f\u00fcr Sie handgefertigt zu kreieren.\" \/>\n<meta property=\"og:url\" content=\"https:\/\/www.proactif.lu\/lu\/?post_type=product&amp;p=1201\" \/>\n<meta property=\"og:site_name\" content=\"ProActif\" \/>\n<meta property=\"article:modified_time\" content=\"2025-05-26T12:32:42+00:00\" \/>\n<meta name=\"twitter:card\" content=\"summary_large_image\" \/>\n<script type=\"application\/ld+json\" class=\"yoast-schema-graph\">{\"@context\":\"https:\\\/\\\/schema.org\",\"@graph\":[{\"@type\":\"WebPage\",\"@id\":\"https:\\\/\\\/www.proactif.lu\\\/lu\\\/?post_type=product&p=1201\",\"url\":\"https:\\\/\\\/www.proactif.lu\\\/lu\\\/?post_type=product&p=1201\",\"name\":\"Schneidebrett - ProActif\",\"isPartOf\":{\"@id\":\"https:\\\/\\\/www.proactif.lu\\\/lu\\\/#website\"},\"datePublished\":\"2025-05-19T10:51:00+00:00\",\"dateModified\":\"2025-05-26T12:32:42+00:00\",\"breadcrumb\":{\"@id\":\"https:\\\/\\\/www.proactif.lu\\\/lu\\\/?post_type=product&p=1201#breadcrumb\"},\"inLanguage\":\"lb-LU\",\"potentialAction\":[{\"@type\":\"ReadAction\",\"target\":[\"https:\\\/\\\/www.proactif.lu\\\/lu\\\/?post_type=product&p=1201\"]}]},{\"@type\":\"BreadcrumbList\",\"@id\":\"https:\\\/\\\/www.proactif.lu\\\/lu\\\/?post_type=product&p=1201#breadcrumb\",\"itemListElement\":[{\"@type\":\"ListItem\",\"position\":1,\"name\":\"Accueil\",\"item\":\"https:\\\/\\\/www.proactif.lu\\\/lu\\\/\"},{\"@type\":\"ListItem\",\"position\":2,\"name\":\"Schneidebrett\"}]},{\"@type\":\"WebSite\",\"@id\":\"https:\\\/\\\/www.proactif.lu\\\/lu\\\/#website\",\"url\":\"https:\\\/\\\/www.proactif.lu\\\/lu\\\/\",\"name\":\"ProActif\",\"description\":\"R\u00e9insertion professionnelle et services de qualit\u00e9 au Luxembourg\",\"publisher\":{\"@id\":\"https:\\\/\\\/www.proactif.lu\\\/lu\\\/#organization\"},\"potentialAction\":[{\"@type\":\"SearchAction\",\"target\":{\"@type\":\"EntryPoint\",\"urlTemplate\":\"https:\\\/\\\/www.proactif.lu\\\/lu\\\/?s={search_term_string}\"},\"query-input\":{\"@type\":\"PropertyValueSpecification\",\"valueRequired\":true,\"valueName\":\"search_term_string\"}}],\"inLanguage\":\"lb-LU\"},{\"@type\":\"Organization\",\"@id\":\"https:\\\/\\\/www.proactif.lu\\\/lu\\\/#organization\",\"name\":\"ProActif\",\"url\":\"https:\\\/\\\/www.proactif.lu\\\/lu\\\/\",\"logo\":{\"@type\":\"ImageObject\",\"inLanguage\":\"lb-LU\",\"@id\":\"https:\\\/\\\/www.proactif.lu\\\/lu\\\/#\\\/schema\\\/logo\\\/image\\\/\",\"url\":\"https:\\\/\\\/www.proactif.lu\\\/wp-content\\\/uploads\\\/2025\\\/02\\\/proactif-icon.svg\",\"contentUrl\":\"https:\\\/\\\/www.proactif.lu\\\/wp-content\\\/uploads\\\/2025\\\/02\\\/proactif-icon.svg\",\"caption\":\"ProActif\"},\"image\":{\"@id\":\"https:\\\/\\\/www.proactif.lu\\\/lu\\\/#\\\/schema\\\/logo\\\/image\\\/\"}}]}<\/script>\n<!-- \/ Yoast SEO plugin. -->","yoast_head_json":{"title":"Schneidebrett - ProActif","robots":{"index":"index","follow":"follow","max-snippet":"max-snippet:-1","max-image-preview":"max-image-preview:large","max-video-preview":"max-video-preview:-1"},"canonical":"https:\/\/www.proactif.lu\/lu\/?post_type=product&p=1201","og_locale":"en_US","og_type":"article","og_title":"Schneidebrett - ProActif","og_description":"L\u00e4nge 50 cm \u0387 Breite 30 cm \u0387 H\u00f6he 4 cm Egal ob Sie das Fleisch f\u00fcr den Grill auf der Terrasse oder in der K\u00fcche zubereiten wollen, mit diesem Schneidebrett richten sich alle Blicke auf dieses Produkt. \u00c4sthetik und gute Qualit\u00e4t sind uns wichtig um Unikate f\u00fcr Sie handgefertigt zu kreieren.","og_url":"https:\/\/www.proactif.lu\/lu\/?post_type=product&p=1201","og_site_name":"ProActif","article_modified_time":"2025-05-26T12:32:42+00:00","twitter_card":"summary_large_image","schema":{"@context":"https:\/\/schema.org","@graph":[{"@type":"WebPage","@id":"https:\/\/www.proactif.lu\/lu\/?post_type=product&p=1201","url":"https:\/\/www.proactif.lu\/lu\/?post_type=product&p=1201","name":"Schneidebrett - ProActif","isPartOf":{"@id":"https:\/\/www.proactif.lu\/lu\/#website"},"datePublished":"2025-05-19T10:51:00+00:00","dateModified":"2025-05-26T12:32:42+00:00","breadcrumb":{"@id":"https:\/\/www.proactif.lu\/lu\/?post_type=product&p=1201#breadcrumb"},"inLanguage":"lb-LU","potentialAction":[{"@type":"ReadAction","target":["https:\/\/www.proactif.lu\/lu\/?post_type=product&p=1201"]}]},{"@type":"BreadcrumbList","@id":"https:\/\/www.proactif.lu\/lu\/?post_type=product&p=1201#breadcrumb","itemListElement":[{"@type":"ListItem","position":1,"name":"Accueil","item":"https:\/\/www.proactif.lu\/lu\/"},{"@type":"ListItem","position":2,"name":"Schneidebrett"}]},{"@type":"WebSite","@id":"https:\/\/www.proactif.lu\/lu\/#website","url":"https:\/\/www.proactif.lu\/lu\/","name":"ProActif","description":"R\u00e9insertion professionnelle et services de qualit\u00e9 au Luxembourg","publisher":{"@id":"https:\/\/www.proactif.lu\/lu\/#organization"},"potentialAction":[{"@type":"SearchAction","target":{"@type":"EntryPoint","urlTemplate":"https:\/\/www.proactif.lu\/lu\/?s={search_term_string}"},"query-input":{"@type":"PropertyValueSpecification","valueRequired":true,"valueName":"search_term_string"}}],"inLanguage":"lb-LU"},{"@type":"Organization","@id":"https:\/\/www.proactif.lu\/lu\/#organization","name":"ProActif","url":"https:\/\/www.proactif.lu\/lu\/","logo":{"@type":"ImageObject","inLanguage":"lb-LU","@id":"https:\/\/www.proactif.lu\/lu\/#\/schema\/logo\/image\/","url":"https:\/\/www.proactif.lu\/wp-content\/uploads\/2025\/02\/proactif-icon.svg","contentUrl":"https:\/\/www.proactif.lu\/wp-content\/uploads\/2025\/02\/proactif-icon.svg","caption":"ProActif"},"image":{"@id":"https:\/\/www.proactif.lu\/lu\/#\/schema\/logo\/image\/"}}]}},"_links":{"self":[{"href":"https:\/\/www.proactif.lu\/lu\/wp-json\/wp\/v2\/product\/1201","targetHints":{"allow":["GET"]}}],"collection":[{"href":"https:\/\/www.proactif.lu\/lu\/wp-json\/wp\/v2\/product"}],"about":[{"href":"https:\/\/www.proactif.lu\/lu\/wp-json\/wp\/v2\/types\/product"}],"wp:attachment":[{"href":"https:\/\/www.proactif.lu\/lu\/wp-json\/wp\/v2\/media?parent=1201"}],"wp:term":[{"taxonomy":"product-category","embeddable":true,"href":"https:\/\/www.proactif.lu\/lu\/wp-json\/wp\/v2\/product-category?post=1201"}],"curies":[{"name":"wp","href":"https:\/\/api.w.org\/{rel}","templated":true}]}}